{"id":280,"date":"2014-02-26T20:48:50","date_gmt":"2014-02-26T18:48:50","guid":{"rendered":"http:\/\/relax-ferienhaus.com\/herzlich-willkommen\/?page_id=280"},"modified":"2015-09-25T13:31:20","modified_gmt":"2015-09-25T11:31:20","slug":"fahrradvermietung","status":"publish","type":"page","link":"https:\/\/relax-ferienhaus.com\/herzlich-willkommen\/unsere-ferienhaeuser\/fahrradvermietung\/","title":{"rendered":"Fahrradvermietung"},"content":{"rendered":"<p><strong>Fahrradvermietung &#8211; Fahrradverleih in Senftenberg &#8211; Gro\u00dfkoschen, mitten im Lausitzer Seenland am Senftenberger See<\/strong><\/p>\n<p>Nutzen sie die M\u00f6glichkeit und mieten sie gleich zu ihrem Aufenthalt, im Ferienhaus <span style=\"color: #ff0000;\">RELAX<\/span>, eines von unseren hochwertigen Fahrr\u00e4dern dazu. Erkunden sie das Lausitzer Seenland, radeln sie eine Runde um die zahlreichen Seen oder folgen sie den ausgeschriebenen Radwanderwegen.<\/p>\n<p>Erleben sie diese einzigartige Wasserlandschaft, denn hier entsteht die gr\u00f6\u00dfte zusammenh\u00e4ngende Seenlandschaft Europas mit insgesamt 23 Seen. Unsere Ferienh\u00e4user <span style=\"color: #ff0000;\">RELAX <\/span>mit Fahrradvermietung bieten einen perfekten Ausgangspunkt f\u00fcr ihre Radwanderung oder Radtour, denn sie liegen &#8222;im Wahrzeichen der Erholung&#8220;, in Gro\u00dfkoschen am Senftenberger See.<\/p>\n<p><strong>EXKLUSIV:<\/strong><br \/>\n&#8211; sie haben die M\u00f6glichkeit bei uns hochwertige Fahrr\u00e4der auszuleihen<br \/>\n&#8211; 28er DIAMANT TOPAS &#8211; Deluxe, Damen- oder Herrenr\u00e4der<br \/>\n&#8211; verf\u00fcgbare Rahmenh\u00f6hen: 47er, 50er, 56er<br \/>\n&#8211; Kinderfahrr\u00e4der auf Anfrage, nur begrenzt verf\u00fcgbar<\/p>\n<p><strong>Preisliste f\u00fcr unsere G\u00e4ste:<\/strong><\/p>\n<table style=\"width: 600px;\" cellpadding=\"1\">\n<tbody>\n<tr>\n<td style=\"text-align: center;\"><\/td>\n<td class=\"td-nu\" style=\"text-align: center;\">1 Tag<\/td>\n<td class=\"td-nu\" style=\"text-align: center;\">2 Tag<\/td>\n<td class=\"td-nu\" style=\"text-align: center;\">3 Tag<\/td>\n<td class=\"td-nu\" style=\"text-align: center;\">4 Tag<\/td>\n<td class=\"td-nu\" style=\"text-align: center;\">5 Tag<\/td>\n<td class=\"td-nu\" style=\"text-align: center;\">6 Tag<\/td>\n<td class=\"td-nu\" style=\"text-align: center;\">7 Tag<\/td>\n<\/tr>\n<tr>\n<td class=\"td-price\" style=\"text-align: center;\">28 Diamant<\/td>\n<td class=\"td-frei\" style=\"text-align: center;\">8 \u20ac<\/td>\n<td class=\"td-frei\" style=\"text-align: center;\">16 \u20ac<\/td>\n<td class=\"td-frei\" style=\"text-align: center;\">21 \u20ac<\/td>\n<td class=\"td-frei\" style=\"text-align: center;\">24 \u20ac<\/td>\n<td class=\"td-frei\" style=\"text-align: center;\">26 \u20ac<\/td>\n<td class=\"td-frei\" style=\"text-align: center;\">28 \u20ac<\/td>\n<td class=\"td-frei\" style=\"text-align: center;\">30 \u20ac<\/td>\n<\/tr>\n<\/tbody>\n<\/table>\n<p><strong>Preisliste f\u00fcr Fahrradvermietung:<\/strong><\/p>\n<table style=\"width: 600px;\" cellpadding=\"1\">\n<tbody>\n<tr>\n<td style=\"text-align: center;\"><\/td>\n<td class=\"td-nu\" style=\"text-align: center;\">1 Tag<\/td>\n<td class=\"td-nu\" style=\"text-align: center;\">2 Tag<\/td>\n<td class=\"td-nu\" style=\"text-align: center;\">3 Tag<\/td>\n<td class=\"td-nu\" style=\"text-align: center;\">4 Tag<\/td>\n<td class=\"td-nu\" style=\"text-align: center;\">5 Tag<\/td>\n<td class=\"td-nu\" style=\"text-align: center;\">6 Tag<\/td>\n<td class=\"td-nu\" style=\"text-align: center;\">7 Tag<\/td>\n<\/tr>\n<tr>\n<td class=\"td-price\" style=\"text-align: center;\">28 Diamant<\/td>\n<td class=\"td-frei\" style=\"text-align: center;\">9 \u20ac<\/td>\n<td class=\"td-frei\" style=\"text-align: center;\">18 \u20ac<\/td>\n<td class=\"td-frei\" style=\"text-align: center;\">24 \u20ac<\/td>\n<td class=\"td-frei\" style=\"text-align: center;\">28 \u20ac<\/td>\n<td class=\"td-frei\" style=\"text-align: center;\">30 \u20ac<\/td>\n<td class=\"td-frei\" style=\"text-align: center;\">32 \u20ac<\/td>\n<td class=\"td-frei\" style=\"text-align: center;\">34 \u20ac<\/td>\n<\/tr>\n<\/tbody>\n<\/table>\n<p><!-- default-view.php -->\n<div\n\tclass=\"ngg-galleryoverview default-view\n\t ngg-ajax-pagination-none\t\"\n\tid=\"ngg-gallery-8edc3e9b1f6b43118b80b3400537d88a-1\">\n\n\t\t<!-- Thumbnails -->\n\t\t\t\t<div id=\"ngg-image-0\" class=\"ngg-gallery-thumbnail-box\n\t\t\t\t\t\t\t\t\t\t\t\"\n\t\t\t>\n\t\t\t\t\t\t<div class=\"ngg-gallery-thumbnail\">\n\t\t\t<a href=\"https:\/\/relax-ferienhaus.com\/wp-content\/gallery\/bike\/fahrradverleih-senftenberger-see-ferienhaus-relax-nr-1.jpg\"\n\t\t\t\ttitle=\"Fahrradverleih - Senftenberger See - Gro\u00dfkoschen - Radtour - Fahrradvermietung\"\n\t\t\t\tdata-src=\"https:\/\/relax-ferienhaus.com\/wp-content\/gallery\/bike\/fahrradverleih-senftenberger-see-ferienhaus-relax-nr-1.jpg\"\n\t\t\t\tdata-thumbnail=\"https:\/\/relax-ferienhaus.com\/wp-content\/gallery\/bike\/thumbs\/thumbs_fahrradverleih-senftenberger-see-ferienhaus-relax-nr-1.jpg\"\n\t\t\t\tdata-image-id=\"70\"\n\t\t\t\tdata-title=\"Fahrradverleih - Senftenberger See - Gro\u00dfkoschen - Radtour - Fahrradvermietung\"\n\t\t\t\tdata-description=\"Fahrradverleih - Senftenberger See - Gro\u00dfkoschen - Radtour - Fahrradvermietung\"\n\t\t\t\tdata-image-slug=\"fahrradverleih-senftenberger-see-gross-koschen-radtour-4\"\n\t\t\t\tclass=\"ngg-fancybox\" rel=\"8edc3e9b1f6b43118b80b3400537d88a\">\n\t\t\t\t<img\n\t\t\t\t\ttitle=\"Fahrradverleih - Senftenberger See - Gro\u00dfkoschen - Radtour - Fahrradvermietung\"\n\t\t\t\t\talt=\"Fahrradverleih - Senftenberger See - Gro\u00dfkoschen - Radtour - Fahrradvermietung\"\n\t\t\t\t\tsrc=\"https:\/\/relax-ferienhaus.com\/wp-content\/gallery\/bike\/thumbs\/thumbs_fahrradverleih-senftenberger-see-ferienhaus-relax-nr-1.jpg\"\n\t\t\t\t\twidth=\"120\"\n\t\t\t\t\theight=\"90\"\n\t\t\t\t\tstyle=\"max-width:100%;\"\n\t\t\t\t\/>\n\t\t\t<\/a>\n\t\t<\/div>\n\t\t\t\t\t\t\t<\/div>\n\t\t\t\n\t\t\t\t<div id=\"ngg-image-1\" class=\"ngg-gallery-thumbnail-box\n\t\t\t\t\t\t\t\t\t\t\t\"\n\t\t\t>\n\t\t\t\t\t\t<div class=\"ngg-gallery-thumbnail\">\n\t\t\t<a href=\"https:\/\/relax-ferienhaus.com\/wp-content\/gallery\/bike\/fahrradverleih-senftenberger-see-ferienhaus-relax-nr-2.jpg\"\n\t\t\t\ttitle=\"Fahrradverleih - Senftenberger See - Gro\u00dfkoschen - Radtour - Fahrradvermietung\"\n\t\t\t\tdata-src=\"https:\/\/relax-ferienhaus.com\/wp-content\/gallery\/bike\/fahrradverleih-senftenberger-see-ferienhaus-relax-nr-2.jpg\"\n\t\t\t\tdata-thumbnail=\"https:\/\/relax-ferienhaus.com\/wp-content\/gallery\/bike\/thumbs\/thumbs_fahrradverleih-senftenberger-see-ferienhaus-relax-nr-2.jpg\"\n\t\t\t\tdata-image-id=\"72\"\n\t\t\t\tdata-title=\"Fahrradverleih - Senftenberger See - Gro\u00dfkoschen - Radtour - Fahrradvermietung\"\n\t\t\t\tdata-description=\"Fahrradverleih - Senftenberger See - Gro\u00dfkoschen - Radtour - Fahrradvermietung\"\n\t\t\t\tdata-image-slug=\"fahrradverleih-senftenberger-see-gross-koschen-radtour-6\"\n\t\t\t\tclass=\"ngg-fancybox\" rel=\"8edc3e9b1f6b43118b80b3400537d88a\">\n\t\t\t\t<img\n\t\t\t\t\ttitle=\"Fahrradverleih - Senftenberger See - Gro\u00dfkoschen - Radtour - Fahrradvermietung\"\n\t\t\t\t\talt=\"Fahrradverleih - Senftenberger See - Gro\u00dfkoschen - Radtour - Fahrradvermietung\"\n\t\t\t\t\tsrc=\"https:\/\/relax-ferienhaus.com\/wp-content\/gallery\/bike\/thumbs\/thumbs_fahrradverleih-senftenberger-see-ferienhaus-relax-nr-2.jpg\"\n\t\t\t\t\twidth=\"120\"\n\t\t\t\t\theight=\"90\"\n\t\t\t\t\tstyle=\"max-width:100%;\"\n\t\t\t\t\/>\n\t\t\t<\/a>\n\t\t<\/div>\n\t\t\t\t\t\t\t<\/div>\n\t\t\t\n\t\n\t<br style=\"clear: both\" \/>\n\n\t\t<div class=\"slideshowlink\">\n\t\t<a href='https:\/\/relax-ferienhaus.com\/herzlich-willkommen\/unsere-ferienhaeuser\/fahrradvermietung\/nggallery\/slideshow'> <\/a>\n\n\t<\/div>\n\t\n\t\t<!-- Pagination -->\n\t\t<div class='ngg-clear'><\/div>\t<\/div>\n<\/p>\n","protected":false},"excerpt":{"rendered":"<p>Fahrradvermietung &#8211; Fahrradverleih in Senftenberg &#8211; Gro\u00dfkoschen, mitten im Lausitzer Seenland am Senftenberger See Nutzen sie die M\u00f6glichkeit und mieten sie gleich zu ihrem Aufenthalt, im Ferienhaus RELAX, eines von unseren hochwertigen Fahrr\u00e4dern dazu. Erkunden sie das Lausitzer Seenland, radeln sie eine Runde um die zahlreichen Seen oder folgen sie den ausgeschriebenen Radwanderwegen. Erleben sie &hellip; <a href=\"https:\/\/relax-ferienhaus.com\/herzlich-willkommen\/unsere-ferienhaeuser\/fahrradvermietung\/\" class=\"more-link\"><span class=\"screen-reader-text\">Fahrradvermietung<\/span> weiterlesen <span class=\"meta-nav\">&rarr;<\/span><\/a><\/p>\n","protected":false},"author":1,"featured_media":443,"parent":142,"menu_order":0,"comment_status":"closed","ping_status":"open","template":"","meta":{"ngg_post_thumbnail":0,"footnotes":""},"class_list":["post-280","page","type-page","status-publish","has-post-thumbnail","hentry"],"_links":{"self":[{"href":"https:\/\/relax-ferienhaus.com\/herzlich-willkommen\/wp-json\/wp\/v2\/pages\/280","targetHints":{"allow":["GET"]}}],"collection":[{"href":"https:\/\/relax-ferienhaus.com\/herzlich-willkommen\/wp-json\/wp\/v2\/pages"}],"about":[{"href":"https:\/\/relax-ferienhaus.com\/herzlich-willkommen\/wp-json\/wp\/v2\/types\/page"}],"author":[{"embeddable":true,"href":"https:\/\/relax-ferienhaus.com\/herzlich-willkommen\/wp-json\/wp\/v2\/users\/1"}],"replies":[{"embeddable":true,"href":"https:\/\/relax-ferienhaus.com\/herzlich-willkommen\/wp-json\/wp\/v2\/comments?post=280"}],"version-history":[{"count":11,"href":"https:\/\/relax-ferienhaus.com\/herzlich-willkommen\/wp-json\/wp\/v2\/pages\/280\/revisions"}],"predecessor-version":[{"id":601,"href":"https:\/\/relax-ferienhaus.com\/herzlich-willkommen\/wp-json\/wp\/v2\/pages\/280\/revisions\/601"}],"up":[{"embeddable":true,"href":"https:\/\/relax-ferienhaus.com\/herzlich-willkommen\/wp-json\/wp\/v2\/pages\/142"}],"wp:featuredmedia":[{"embeddable":true,"href":"https:\/\/relax-ferienhaus.com\/herzlich-willkommen\/wp-json\/wp\/v2\/media\/443"}],"wp:attachment":[{"href":"https:\/\/relax-ferienhaus.com\/herzlich-willkommen\/wp-json\/wp\/v2\/media?parent=280"}],"curies":[{"name":"wp","href":"https:\/\/api.w.org\/{rel}","templated":true}]}}